{"id":99,"date":"2013-11-08T15:39:11","date_gmt":"2013-11-08T13:39:11","guid":{"rendered":"http:\/\/www.drahtige-figuren.de\/?page_id=99"},"modified":"2015-07-18T15:15:43","modified_gmt":"2015-07-18T13:15:43","slug":"art-ort","status":"publish","type":"page","link":"https:\/\/www.drahtige-figuren.de\/?page_id=99","title":{"rendered":"Art-Ort"},"content":{"rendered":"<h1>Galerie geschlossen<\/h1>\n<p>Leider ist die Galerie Art-Ort in Bad Nauheim, in der f\u00fcnf Jahre lang meine Figuren ausgestellt waren, seit Mai 2015 geschlossen. Bis auf weiteres sind meine Werke nur noch auf Ausstellungen zu sehen. Gerne k\u00f6nnen Sie aber auch mit mir Kontakt aufnehmen (drahtige-figuren@gmx.de), um sich die Figuren in meiner Hofreite in Gambach anzuschauen.<\/p>\n<h1>Galerie in Bad Nauheim zeigt Drahtige Figuren<\/h1>\n<p>Die Fernsehkrimireihe Tatort war Christa Kleinschmidt bei der Suche nach einem z\u00fcndenden Namen f\u00fcr ihre Galerie behilflich. &#8222;Im K\u00f6ln-Tatort gibt es eine W\u00fcrstchenbude, die hei\u00dft Brat-Ort&#8220;, erz\u00e4hlt die 57-J\u00e4hrige. Also nannte sie ihren Laden f\u00fcr die Kunst Art-Ort.<\/p>\n<p><a href=\"http:\/\/www.drahtige-figuren.de\/wp-content\/uploads\/2013\/11\/IMG_5243.jpg\"><img loading=\"lazy\" decoding=\"async\" class=\"alignnone size-large wp-image-100\" src=\"http:\/\/www.drahtige-figuren.de\/wp-content\/uploads\/2013\/11\/IMG_5243-1024x683.jpg\" alt=\"IMG_5243\" width=\"584\" height=\"389\" srcset=\"https:\/\/www.drahtige-figuren.de\/wp-content\/uploads\/2013\/11\/IMG_5243-1024x683.jpg 1024w, https:\/\/www.drahtige-figuren.de\/wp-content\/uploads\/2013\/11\/IMG_5243-300x200.jpg 300w, https:\/\/www.drahtige-figuren.de\/wp-content\/uploads\/2013\/11\/IMG_5243-449x300.jpg 449w\" sizes=\"auto, (max-width: 584px) 100vw, 584px\" \/><\/a><\/p>\n<h5>Christa Kleinschmidt vor ihrer Galerie<\/h5>\n<p>Seit 1997 ist die studierte Architektin, die als Stadtplanerin arbeitet, auch k\u00fcnstlerisch aktiv. Angefangen hat sie mit Keramik.\u00a0 Gem\u00e4lde kamen dazu, weil ihr die Keramik &#8222;zu wenig farbenfroh&#8220; war, wie sie sagt. Inzwischen geh\u00f6ren auch Holzskulpturen zu ihrem Repertoire. Sie hatte den Kettens\u00e4genf\u00fchrerschein gemacht, um Holz f\u00fcr den heimischen Herd zu s\u00e4gen. Bald bemerkte sie, dass man mit der Kettens\u00e4ge auch gut modellieren kann.<\/p>\n<p><a href=\"http:\/\/www.drahtige-figuren.de\/wp-content\/uploads\/2013\/11\/IMG_5248.jpg\"><img loading=\"lazy\" decoding=\"async\" class=\"alignnone size-large wp-image-101\" src=\"http:\/\/www.drahtige-figuren.de\/wp-content\/uploads\/2013\/11\/IMG_5248-683x1024.jpg\" alt=\"IMG_5248\" width=\"584\" height=\"875\" srcset=\"https:\/\/www.drahtige-figuren.de\/wp-content\/uploads\/2013\/11\/IMG_5248-683x1024.jpg 683w, https:\/\/www.drahtige-figuren.de\/wp-content\/uploads\/2013\/11\/IMG_5248-200x300.jpg 200w, https:\/\/www.drahtige-figuren.de\/wp-content\/uploads\/2013\/11\/IMG_5248.jpg 1880w\" sizes=\"auto, (max-width: 584px) 100vw, 584px\" \/><\/a><\/p>\n<p>Diese Holzskulptur hat Christa Kleinschmidt mit der Kettens\u00e4ge geschaffen<\/p>\n<p>F\u00fcr eine eigene Galerie hat sich die K\u00fcnstlerin entschieden, weil sie ihre Werke nicht immer zu Ausstellungen schleppen wollte. &#8222;Meine Sachen sind oft auch zu schwer&#8220;, sagt sie. Als ihr der Laden in den Neuen Kolonnaden in Bad Nauheim angeboten wurde, schlug sie sofort zu.<\/p>\n<h2>Drahtige Figuren im Art-Ort<\/h2>\n<p>Neben ihren eigenen Werken pr\u00e4sentiert sie in ihrer Galerie nur noch die Drahtigen Figuren von Ursula Rickert Rieb. Die w\u00fcrden sehr gut mit ihren eigenen Arbeiten harmonieren, sagt Christa Kleinschmidt.<a href=\"http:\/\/www.drahtige-figuren.de\/wp-content\/uploads\/2013\/11\/IMG_5249.jpg\"><img loading=\"lazy\" decoding=\"async\" class=\"alignnone size-large wp-image-102\" src=\"http:\/\/www.drahtige-figuren.de\/wp-content\/uploads\/2013\/11\/IMG_5249-1024x683.jpg\" alt=\"IMG_5249\" width=\"584\" height=\"389\" srcset=\"https:\/\/www.drahtige-figuren.de\/wp-content\/uploads\/2013\/11\/IMG_5249-1024x683.jpg 1024w, https:\/\/www.drahtige-figuren.de\/wp-content\/uploads\/2013\/11\/IMG_5249-300x200.jpg 300w, https:\/\/www.drahtige-figuren.de\/wp-content\/uploads\/2013\/11\/IMG_5249-449x300.jpg 449w\" sizes=\"auto, (max-width: 584px) 100vw, 584px\" \/><\/a>Die Drahtigen Figuren passen gut zur Christa Kleinschmidts Werken.<\/p>\n<p>Mit ihrer Galerie will Christa Kleinschmidt auch Leute mit kleinem Geldbeutel ansprechen. Es gibt hier auch Kunstwerke f\u00fcr kleines Geld, Kunstpostkarten etwa oder kunstvoll gestaltete Halsketten. &#8222;Von 3 bis 1000 Euro&#8220; beziffert Christa Kleinschmidt die Preisspanne in ihrer Galerie.<\/p>\n<p><a href=\"http:\/\/www.drahtige-figuren.de\/wp-content\/uploads\/2013\/11\/IMG_5283.jpg\"><img loading=\"lazy\" decoding=\"async\" class=\"alignnone size-large wp-image-103\" src=\"http:\/\/www.drahtige-figuren.de\/wp-content\/uploads\/2013\/11\/IMG_5283-1024x693.jpg\" alt=\"IMG_5283\" width=\"584\" height=\"395\" srcset=\"https:\/\/www.drahtige-figuren.de\/wp-content\/uploads\/2013\/11\/IMG_5283-1024x693.jpg 1024w, https:\/\/www.drahtige-figuren.de\/wp-content\/uploads\/2013\/11\/IMG_5283-300x203.jpg 300w, https:\/\/www.drahtige-figuren.de\/wp-content\/uploads\/2013\/11\/IMG_5283-442x300.jpg 442w\" sizes=\"auto, (max-width: 584px) 100vw, 584px\" \/><\/a><\/p>\n<h6>Christa Kleinschmidt bietet auch Kunstpostkarten mit Bad Nauheimer Motiven an<\/h6>\n<p>Christa Kleinschmidt stammt aus Ascheberg in Westfalen. Sie lebt seit 1979 in Bad Nauheim.<\/p>\n<p>Die Galerie Art-Ort, Neue Kolonnaden 4 in 61231\u00a0 Bad Nauheim, ist mittwochs, donnerstags und freitags von 15 bis 18 Uhr ge\u00f6ffnet, an den Adventssamstagen auch von 11 bis 14 Uhr.\u00a0 Oder nach telefonischer Absprache: 0171-5107950.<\/p>\n<div class=\"twoclick_social_bookmarks_post_99 social_share_privacy clearfix 1.6.4 locale-de_DE sprite-de_DE\"><\/div><div class=\"twoclick-js\"><script type=\"text\/javascript\">\/* <![CDATA[ *\/\njQuery(document).ready(function($){if($('.twoclick_social_bookmarks_post_99')){$('.twoclick_social_bookmarks_post_99').socialSharePrivacy({\"services\":{\"facebook\":{\"status\":\"on\",\"txt_info\":\"2 Klicks f\\u00fcr mehr Datenschutz: Erst wenn Sie hier klicken, wird der Button aktiv und Sie k\\u00f6nnen Ihre Empfehlung an Facebook senden. Schon beim Aktivieren werden Daten an Dritte \\u00fcbertragen - siehe <em>i<\\\/em>.\",\"perma_option\":\"off\",\"action\":\"recommend\",\"language\":\"de_DE\"},\"twitter\":{\"reply_to\":\"\",\"tweet_text\":\"Art-Ort%20%C2%BB%20\",\"status\":\"on\",\"txt_info\":\"2 Klicks f\\u00fcr mehr Datenschutz: Erst wenn Sie hier klicken, wird der Button aktiv und Sie k\\u00f6nnen Ihre Empfehlung an Twitter senden. Schon beim Aktivieren werden Daten an Dritte \\u00fcbertragen - siehe <em>i<\\\/em>.\",\"perma_option\":\"off\",\"language\":\"de\",\"referrer_track\":\"\"},\"gplus\":{\"status\":\"on\",\"txt_info\":\"2 Klicks f\\u00fcr mehr Datenschutz: Erst wenn Sie hier klicken, wird der Button aktiv und Sie k\\u00f6nnen Ihre Empfehlung an Google+ senden. Schon beim Aktivieren werden Daten an Dritte \\u00fcbertragen - siehe <em>i<\\\/em>.\",\"perma_option\":\"off\",\"referrer_track\":\"\"},\"flattr\":{\"uid\":\"\",\"status\":\"on\",\"the_title\":\"Art-Ort\",\"the_excerpt\":\"Galerie%20geschlossen%0D%0ALeider%20ist%20die%20Galerie%20Art-Ort%20in%20Bad%20Nauheim%2C%20in%20der%20f%C3%BCnf%20Jahre%20lang%20meine%20Figuren%20ausgestellt%20waren%2C%20seit%20Mai%202015%20geschlossen.%20Bis%20auf%20weiteres%20sind%20meine%20Werke%20nur%20noch%20auf%20Ausstellungen%20zu%20sehen.%20Gerne%20k%C3%B6nnen%20Sie%20aber%20auch%20mit%20mir%20Kontakt%20aufnehmen%20%28drahtige-figuren%40gmx.de%29%2C%20um%20sich%20die%20Figuren%20in%20meiner%20Hofreite%20in%20Gambach%20anzuschauen.%0D%0AGalerie%20in%20Bad%20Nauheim%20zeigt%20D%20...\",\"txt_info\":\"2 Klicks f\\u00fcr mehr Datenschutz: Erst wenn Sie hier klicken, wird der Button aktiv und Sie k\\u00f6nnen Ihre Empfehlung an Flattr senden. Schon beim Aktivieren werden Daten an Dritte \\u00fcbertragen - siehe <em>i<\\\/em>.\",\"perma_option\":\"off\"},\"xing\":{\"status\":\"on\",\"txt_info\":\"2 Klicks f\\u00fcr mehr Datenschutz: Erst wenn Sie hier klicken, wird der Button aktiv und Sie k\\u00f6nnen Ihre Empfehlung an Xing senden. Schon beim Aktivieren werden Daten an Dritte \\u00fcbertragen - siehe <em>i<\\\/em>.\",\"perma_option\":\"off\",\"language\":\"de\",\"referrer_track\":\"\"},\"linkedin\":{\"status\":\"on\",\"txt_info\":\"2 Klicks f\\u00fcr mehr Datenschutz: Erst wenn Sie hier klicken, wird der Button aktiv und Sie k\\u00f6nnen Ihre Empfehlung an LinkedIn senden. Schon beim Aktivieren werden Daten an Dritte \\u00fcbertragen - siehe <em>i<\\\/em>.\",\"perma_option\":\"off\"}},\"txt_help\":\"Wenn Sie diese Felder durch einen Klick aktivieren, werden Informationen an Facebook, Twitter, Flattr, Xing, t3n, LinkedIn, Pinterest oder Google eventuell ins Ausland \\u00fcbertragen und unter Umst\\u00e4nden auch dort gespeichert. N\\u00e4heres erfahren Sie durch einen Klick auf das <em>i<\\\/em>.\",\"settings_perma\":\"Dauerhaft aktivieren und Daten\\u00fcber-tragung zustimmen:\",\"info_link\":\"http:\\\/\\\/www.heise.de\\\/ct\\\/artikel\\\/2-Klicks-fuer-mehr-Datenschutz-1333879.html\",\"uri\":\"https:\\\/\\\/www.drahtige-figuren.de\\\/?page_id=99\",\"post_id\":99,\"post_title_referrer_track\":\"Art-Ort\",\"display_infobox\":\"on\"});}});\n\/* ]]> *\/<\/script><\/div>","protected":false},"excerpt":{"rendered":"<p>Galerie geschlossen Leider ist die Galerie Art-Ort in Bad Nauheim, in der f\u00fcnf Jahre lang meine Figuren ausgestellt waren, seit Mai 2015 geschlossen. Bis auf weiteres sind meine Werke nur noch auf Ausstellungen zu sehen. Gerne k\u00f6nnen Sie aber auch &hellip; <a href=\"https:\/\/www.drahtige-figuren.de\/?page_id=99\">Weiterlesen <span class=\"meta-nav\">&rarr;<\/span><\/a><\/p>\n","protected":false},"author":1,"featured_media":0,"parent":0,"menu_order":0,"comment_status":"open","ping_status":"open","template":"","meta":{"footnotes":""},"class_list":["post-99","page","type-page","status-publish","hentry"],"yoast_head":"<!-- This site is optimized with the Yoast SEO plugin v27.0 - https:\/\/yoast.com\/product\/yoast-seo-wordpress\/ -->\n<title>Art-Ort -<\/title>\n<meta name=\"description\" content=\"Die Galerie Art-Ort in Bad Nauheim zeigt Drahtige Figuren von Ursula Rickert-Rieb. Sie passen gut zu den Werken der Galerie-Besitzerin Christa Kleinschmidt.\" \/>\n<meta name=\"robots\" content=\"index, follow, max-snippet:-1, max-image-preview:large, max-video-preview:-1\" \/>\n<link rel=\"canonical\" href=\"https:\/\/www.drahtige-figuren.de\/?page_id=99\" \/>\n<meta name=\"twitter:label1\" content=\"Gesch\u00e4tzte Lesezeit\" \/>\n\t<meta name=\"twitter:data1\" content=\"2\u00a0Minuten\" \/>\n<script type=\"application\/ld+json\" class=\"yoast-schema-graph\">{\"@context\":\"https:\/\/schema.org\",\"@graph\":[{\"@type\":\"WebPage\",\"@id\":\"https:\/\/www.drahtige-figuren.de\/?page_id=99\",\"url\":\"https:\/\/www.drahtige-figuren.de\/?page_id=99\",\"name\":\"Art-Ort -\",\"isPartOf\":{\"@id\":\"https:\/\/www.drahtige-figuren.de\/#website\"},\"primaryImageOfPage\":{\"@id\":\"https:\/\/www.drahtige-figuren.de\/?page_id=99#primaryimage\"},\"image\":{\"@id\":\"https:\/\/www.drahtige-figuren.de\/?page_id=99#primaryimage\"},\"thumbnailUrl\":\"http:\/\/www.drahtige-figuren.de\/wp-content\/uploads\/2013\/11\/IMG_5243-1024x683.jpg\",\"datePublished\":\"2013-11-08T13:39:11+00:00\",\"dateModified\":\"2015-07-18T13:15:43+00:00\",\"description\":\"Die Galerie Art-Ort in Bad Nauheim zeigt Drahtige Figuren von Ursula Rickert-Rieb. Sie passen gut zu den Werken der Galerie-Besitzerin Christa Kleinschmidt.\",\"breadcrumb\":{\"@id\":\"https:\/\/www.drahtige-figuren.de\/?page_id=99#breadcrumb\"},\"inLanguage\":\"de\",\"potentialAction\":[{\"@type\":\"ReadAction\",\"target\":[\"https:\/\/www.drahtige-figuren.de\/?page_id=99\"]}]},{\"@type\":\"ImageObject\",\"inLanguage\":\"de\",\"@id\":\"https:\/\/www.drahtige-figuren.de\/?page_id=99#primaryimage\",\"url\":\"https:\/\/www.drahtige-figuren.de\/wp-content\/uploads\/2013\/11\/IMG_5243.jpg\",\"contentUrl\":\"https:\/\/www.drahtige-figuren.de\/wp-content\/uploads\/2013\/11\/IMG_5243.jpg\",\"width\":2816,\"height\":1880,\"caption\":\"Christa Kleinschmidt vor ihrer Galerie\"},{\"@type\":\"BreadcrumbList\",\"@id\":\"https:\/\/www.drahtige-figuren.de\/?page_id=99#breadcrumb\",\"itemListElement\":[{\"@type\":\"ListItem\",\"position\":1,\"name\":\"Home\",\"item\":\"https:\/\/www.drahtige-figuren.de\/\"},{\"@type\":\"ListItem\",\"position\":2,\"name\":\"Art-Ort\"}]},{\"@type\":\"WebSite\",\"@id\":\"https:\/\/www.drahtige-figuren.de\/#website\",\"url\":\"https:\/\/www.drahtige-figuren.de\/\",\"name\":\"\",\"description\":\"\",\"potentialAction\":[{\"@type\":\"SearchAction\",\"target\":{\"@type\":\"EntryPoint\",\"urlTemplate\":\"https:\/\/www.drahtige-figuren.de\/?s={search_term_string}\"},\"query-input\":{\"@type\":\"PropertyValueSpecification\",\"valueRequired\":true,\"valueName\":\"search_term_string\"}}],\"inLanguage\":\"de\"}]}<\/script>\n<!-- \/ Yoast SEO plugin. -->","yoast_head_json":{"title":"Art-Ort -","description":"Die Galerie Art-Ort in Bad Nauheim zeigt Drahtige Figuren von Ursula Rickert-Rieb. Sie passen gut zu den Werken der Galerie-Besitzerin Christa Kleinschmidt.","robots":{"index":"index","follow":"follow","max-snippet":"max-snippet:-1","max-image-preview":"max-image-preview:large","max-video-preview":"max-video-preview:-1"},"canonical":"https:\/\/www.drahtige-figuren.de\/?page_id=99","twitter_misc":{"Gesch\u00e4tzte Lesezeit":"2\u00a0Minuten"},"schema":{"@context":"https:\/\/schema.org","@graph":[{"@type":"WebPage","@id":"https:\/\/www.drahtige-figuren.de\/?page_id=99","url":"https:\/\/www.drahtige-figuren.de\/?page_id=99","name":"Art-Ort -","isPartOf":{"@id":"https:\/\/www.drahtige-figuren.de\/#website"},"primaryImageOfPage":{"@id":"https:\/\/www.drahtige-figuren.de\/?page_id=99#primaryimage"},"image":{"@id":"https:\/\/www.drahtige-figuren.de\/?page_id=99#primaryimage"},"thumbnailUrl":"http:\/\/www.drahtige-figuren.de\/wp-content\/uploads\/2013\/11\/IMG_5243-1024x683.jpg","datePublished":"2013-11-08T13:39:11+00:00","dateModified":"2015-07-18T13:15:43+00:00","description":"Die Galerie Art-Ort in Bad Nauheim zeigt Drahtige Figuren von Ursula Rickert-Rieb. Sie passen gut zu den Werken der Galerie-Besitzerin Christa Kleinschmidt.","breadcrumb":{"@id":"https:\/\/www.drahtige-figuren.de\/?page_id=99#breadcrumb"},"inLanguage":"de","potentialAction":[{"@type":"ReadAction","target":["https:\/\/www.drahtige-figuren.de\/?page_id=99"]}]},{"@type":"ImageObject","inLanguage":"de","@id":"https:\/\/www.drahtige-figuren.de\/?page_id=99#primaryimage","url":"https:\/\/www.drahtige-figuren.de\/wp-content\/uploads\/2013\/11\/IMG_5243.jpg","contentUrl":"https:\/\/www.drahtige-figuren.de\/wp-content\/uploads\/2013\/11\/IMG_5243.jpg","width":2816,"height":1880,"caption":"Christa Kleinschmidt vor ihrer Galerie"},{"@type":"BreadcrumbList","@id":"https:\/\/www.drahtige-figuren.de\/?page_id=99#breadcrumb","itemListElement":[{"@type":"ListItem","position":1,"name":"Home","item":"https:\/\/www.drahtige-figuren.de\/"},{"@type":"ListItem","position":2,"name":"Art-Ort"}]},{"@type":"WebSite","@id":"https:\/\/www.drahtige-figuren.de\/#website","url":"https:\/\/www.drahtige-figuren.de\/","name":"","description":"","potentialAction":[{"@type":"SearchAction","target":{"@type":"EntryPoint","urlTemplate":"https:\/\/www.drahtige-figuren.de\/?s={search_term_string}"},"query-input":{"@type":"PropertyValueSpecification","valueRequired":true,"valueName":"search_term_string"}}],"inLanguage":"de"}]}},"jetpack_sharing_enabled":true,"_links":{"self":[{"href":"https:\/\/www.drahtige-figuren.de\/index.php?rest_route=\/wp\/v2\/pages\/99","targetHints":{"allow":["GET"]}}],"collection":[{"href":"https:\/\/www.drahtige-figuren.de\/index.php?rest_route=\/wp\/v2\/pages"}],"about":[{"href":"https:\/\/www.drahtige-figuren.de\/index.php?rest_route=\/wp\/v2\/types\/page"}],"author":[{"embeddable":true,"href":"https:\/\/www.drahtige-figuren.de\/index.php?rest_route=\/wp\/v2\/users\/1"}],"replies":[{"embeddable":true,"href":"https:\/\/www.drahtige-figuren.de\/index.php?rest_route=%2Fwp%2Fv2%2Fcomments&post=99"}],"version-history":[{"count":7,"href":"https:\/\/www.drahtige-figuren.de\/index.php?rest_route=\/wp\/v2\/pages\/99\/revisions"}],"predecessor-version":[{"id":260,"href":"https:\/\/www.drahtige-figuren.de\/index.php?rest_route=\/wp\/v2\/pages\/99\/revisions\/260"}],"wp:attachment":[{"href":"https:\/\/www.drahtige-figuren.de\/index.php?rest_route=%2Fwp%2Fv2%2Fmedia&parent=99"}],"curies":[{"name":"wp","href":"https:\/\/api.w.org\/{rel}","templated":true}]}}